{"id":2808,"date":"2020-11-28T21:43:47","date_gmt":"2020-11-28T21:43:47","guid":{"rendered":"http:\/\/hebergement.universite-paris-saclay.fr\/brigaud\/?page_id=2808"},"modified":"2023-08-21T09:53:14","modified_gmt":"2023-08-21T09:53:14","slug":"media-visibility","status":"publish","type":"page","link":"https:\/\/hebergement.universite-paris-saclay.fr\/brigaud\/en\/media-visibility\/","title":{"rendered":"MEDIA VISIBILITY"},"content":{"rendered":"\n<h2 class=\"wp-block-heading\">Trustworthy and informative articles<\/h2>\n\n\n\n<figure class=\"wp-block-image size-full\"><img loading=\"lazy\" decoding=\"async\" width=\"866\" height=\"94\" src=\"http:\/\/hebergement.universite-paris-saclay.fr\/brigaud\/wp-admin\/uploads\/Capture-decran-2023-08-19-a-15.40.36.jpg\" alt=\"\" class=\"wp-image-3230\" srcset=\"https:\/\/hebergement.universite-paris-saclay.fr\/brigaud\/wp-admin\/uploads\/Capture-decran-2023-08-19-a-15.40.36.jpg 866w, https:\/\/hebergement.universite-paris-saclay.fr\/brigaud\/wp-admin\/uploads\/Capture-decran-2023-08-19-a-15.40.36-300x33.jpg 300w, https:\/\/hebergement.universite-paris-saclay.fr\/brigaud\/wp-admin\/uploads\/Capture-decran-2023-08-19-a-15.40.36-768x83.jpg 768w\" sizes=\"auto, (max-width: 866px) 100vw, 866px\" \/><\/figure>\n\n\n\n<p><\/p>\n\n\n\n<p><strong>Brigaud, B.<\/strong>, 2023. La g\u00e9othermie, enjeu majeur pour la neutralit\u00e9 carbone des zones urbaines. The Conversation, 31-07-2023 <a href=\"https:\/\/theconversation.com\/la-geothermie-enjeu-majeur-pour-la-neutralite-carbone-des-zones-urbaines-207994\">https:\/\/theconversation.com\/la-geothermie-enjeu-majeur-pour-la-neutralite-carbone-des-zones-urbaines-207994<\/a><\/p>\n\n\n\n<p><\/p>\n\n\n\n<h2 class=\"wp-block-heading\">Videos<\/h2>\n\n\n\n<ul class=\"wp-block-list\">\n<li>Portrait de Codjo Essou, doctorant travaillant sur la g\u00e9othermie<\/li>\n<\/ul>\n\n\n\n<figure class=\"wp-block-embed is-type-video is-provider-youtube wp-block-embed-youtube wp-embed-aspect-16-9 wp-has-aspect-ratio\"><div class=\"wp-block-embed__wrapper\">\n<iframe loading=\"lazy\" title=\"Ma th\u00e8se en entreprise #6 : t\u00e9moignage d&#039;un doctorant en g\u00e9othermie\" width=\"676\" height=\"380\" src=\"https:\/\/www.youtube.com\/embed\/P30D598YnsU?feature=oembed\" frameborder=\"0\" allow=\"accelerometer; autoplay; clipboard-write; encrypted-media; gyroscope; picture-in-picture; web-share\" referrerpolicy=\"strict-origin-when-cross-origin\" allowfullscreen><\/iframe>\n<\/div><\/figure>\n\n\n\n<ul class=\"wp-block-list\">\n<li>Conf\u00e9rence \u00ab&nbsp;<em>Ressources \u00e9nerg\u00e9tiques : enjeux et r\u00f4le des g\u00e9osciences dans la transition<\/em>\u00bb &#8211; f\u00e9vrier 2022<\/li>\n<\/ul>\n\n\n\n<figure class=\"wp-block-embed is-type-video is-provider-youtube wp-block-embed-youtube wp-embed-aspect-16-9 wp-has-aspect-ratio\"><div class=\"wp-block-embed__wrapper\">\n<iframe loading=\"lazy\" title=\"Ressources \u00e9nerg\u00e9tiques et r\u00f4le des g\u00e9osciences dans la transition\" width=\"676\" height=\"380\" src=\"https:\/\/www.youtube.com\/embed\/3a-DRgmEXaE?feature=oembed\" frameborder=\"0\" allow=\"accelerometer; autoplay; clipboard-write; encrypted-media; gyroscope; picture-in-picture; web-share\" referrerpolicy=\"strict-origin-when-cross-origin\" allowfullscreen><\/iframe>\n<\/div><\/figure>\n\n\n\n<p><\/p>\n\n\n\n<ul class=\"wp-block-list\">\n<li>Cha\u00eene Youtube \u00ab <em>Les cailloux confin\u00e9s<\/em>\u00bb &#8211;  \u00ab The locked rocks \u00bb &#8211; avril 2020<\/li>\n<\/ul>\n\n\n\n<figure class=\"wp-block-embed is-type-video is-provider-youtube wp-block-embed-youtube wp-embed-aspect-16-9 wp-has-aspect-ratio\"><div class=\"wp-block-embed__wrapper\">\n<iframe loading=\"lazy\" title=\"Caillou confin\u00e9 (50) : un fragment d&#039;un filon de fluorine du Morvan, par Benjamin Brigaud\" width=\"676\" height=\"380\" src=\"https:\/\/www.youtube.com\/embed\/fefnki8XPiw?feature=oembed\" frameborder=\"0\" allow=\"accelerometer; autoplay; clipboard-write; encrypted-media; gyroscope; picture-in-picture; web-share\" referrerpolicy=\"strict-origin-when-cross-origin\" allowfullscreen><\/iframe>\n<\/div><\/figure>\n\n\n\n<ul class=\"wp-block-list\">\n<li>Portrait de Louise Lenoir, doctorante travaillant sur les fluorines du Morvan<\/li>\n<\/ul>\n\n\n\n<figure class=\"wp-block-embed is-type-video is-provider-youtube wp-block-embed-youtube wp-embed-aspect-16-9 wp-has-aspect-ratio\"><div class=\"wp-block-embed__wrapper\">\n<iframe loading=\"lazy\" title=\"Vies de Labo #1 - Louise Lenoir\" width=\"676\" height=\"380\" src=\"https:\/\/www.youtube.com\/embed\/MHI_W5BFy0o?feature=oembed\" frameborder=\"0\" allow=\"accelerometer; autoplay; clipboard-write; encrypted-media; gyroscope; picture-in-picture; web-share\" referrerpolicy=\"strict-origin-when-cross-origin\" allowfullscreen><\/iframe>\n<\/div><\/figure>\n\n\n\n<ul class=\"wp-block-list\">\n<li>Participation au film \u00ab\u00a0<em>Entre Argiles et calcaires<\/em>\u00a0\u00bb \/ Contribution to the movie film \u00ab Between Clays and Limestones \u00bb<\/li>\n<\/ul>\n\n\n\n<p><a href=\"http:\/\/vimeo.com\/25042197\">http:\/\/vimeo.com\/25042197<\/a><\/p>\n\n\n\n<p>@R\u00e9alisation: Pascal Moret &#8211; Andra &#8211; online at: <a href=\"http:\/\/vimeo.com\/25042197\" target=\"_blank\" rel=\"noopener\">http:\/\/vimeo.com\/25042197<\/a><\/p>\n","protected":false},"excerpt":{"rendered":"<p>Trustworthy and informative articles Brigaud, B., 2023. La g\u00e9othermie, enjeu majeur pour la neutralit\u00e9 carbone des zones urbaines. The Conversation, 31-07-2023 https:\/\/theconversation.com\/la-geothermie-enjeu-majeur-pour-la-neutralite-carbone-des-zones-urbaines-207994 Videos http:\/\/vimeo.com\/25042197 @R\u00e9alisation: Pascal Moret &#8211; Andra &#8211; online at: http:\/\/vimeo.com\/25042197<\/p>\n","protected":false},"author":1,"featured_media":0,"parent":0,"menu_order":8,"comment_status":"closed","ping_status":"closed","template":"","meta":{"ngg_post_thumbnail":0,"footnotes":""},"class_list":["post-2808","page","type-page","status-publish","hentry","post-preview"],"yoast_head":"<!-- This site is optimized with the Yoast SEO plugin v26.7 - https:\/\/yoast.com\/wordpress\/plugins\/seo\/ -->\n<title>MEDIA VISIBILITY - benjamin brigaud<\/title>\n<meta name=\"robots\" content=\"index, follow, max-snippet:-1, max-image-preview:large, max-video-preview:-1\" \/>\n<link rel=\"canonical\" href=\"https:\/\/hebergement.universite-paris-saclay.fr\/brigaud\/en\/media-visibility\/\" \/>\n<meta property=\"og:locale\" content=\"fr_FR\" \/>\n<meta property=\"og:type\" content=\"article\" \/>\n<meta property=\"og:title\" content=\"MEDIA VISIBILITY - benjamin brigaud\" \/>\n<meta property=\"og:description\" content=\"Trustworthy and informative articles Brigaud, B., 2023. La g\u00e9othermie, enjeu majeur pour la neutralit\u00e9 carbone des zones urbaines. The Conversation, 31-07-2023 https:\/\/theconversation.com\/la-geothermie-enjeu-majeur-pour-la-neutralite-carbone-des-zones-urbaines-207994 Videos http:\/\/vimeo.com\/25042197 @R\u00e9alisation: Pascal Moret &#8211; Andra &#8211; online at: http:\/\/vimeo.com\/25042197\" \/>\n<meta property=\"og:url\" content=\"https:\/\/hebergement.universite-paris-saclay.fr\/brigaud\/en\/media-visibility\/\" \/>\n<meta property=\"og:site_name\" content=\"benjamin brigaud\" \/>\n<meta property=\"article:modified_time\" content=\"2023-08-21T09:53:14+00:00\" \/>\n<meta property=\"og:image\" content=\"http:\/\/hebergement.universite-paris-saclay.fr\/brigaud\/wp-admin\/uploads\/Capture-decran-2023-08-19-a-15.40.36.jpg\" \/>\n<meta name=\"twitter:card\" content=\"summary_large_image\" \/>\n<meta name=\"twitter:label1\" content=\"Dur\u00e9e de lecture estim\u00e9e\" \/>\n\t<meta name=\"twitter:data1\" content=\"1 minute\" \/>\n<script type=\"application\/ld+json\" class=\"yoast-schema-graph\">{\"@context\":\"https:\/\/schema.org\",\"@graph\":[{\"@type\":\"WebPage\",\"@id\":\"https:\/\/hebergement.universite-paris-saclay.fr\/brigaud\/en\/media-visibility\/\",\"url\":\"https:\/\/hebergement.universite-paris-saclay.fr\/brigaud\/en\/media-visibility\/\",\"name\":\"MEDIA VISIBILITY - benjamin brigaud\",\"isPartOf\":{\"@id\":\"https:\/\/hebergement.universite-paris-saclay.fr\/brigaud\/#website\"},\"primaryImageOfPage\":{\"@id\":\"https:\/\/hebergement.universite-paris-saclay.fr\/brigaud\/en\/media-visibility\/#primaryimage\"},\"image\":{\"@id\":\"https:\/\/hebergement.universite-paris-saclay.fr\/brigaud\/en\/media-visibility\/#primaryimage\"},\"thumbnailUrl\":\"http:\/\/hebergement.universite-paris-saclay.fr\/brigaud\/wp-admin\/uploads\/Capture-decran-2023-08-19-a-15.40.36.jpg\",\"datePublished\":\"2020-11-28T21:43:47+00:00\",\"dateModified\":\"2023-08-21T09:53:14+00:00\",\"breadcrumb\":{\"@id\":\"https:\/\/hebergement.universite-paris-saclay.fr\/brigaud\/en\/media-visibility\/#breadcrumb\"},\"inLanguage\":\"fr-FR\",\"potentialAction\":[{\"@type\":\"ReadAction\",\"target\":[\"https:\/\/hebergement.universite-paris-saclay.fr\/brigaud\/en\/media-visibility\/\"]}]},{\"@type\":\"ImageObject\",\"inLanguage\":\"fr-FR\",\"@id\":\"https:\/\/hebergement.universite-paris-saclay.fr\/brigaud\/en\/media-visibility\/#primaryimage\",\"url\":\"https:\/\/hebergement.universite-paris-saclay.fr\/brigaud\/wp-admin\/uploads\/Capture-decran-2023-08-19-a-15.40.36.jpg\",\"contentUrl\":\"https:\/\/hebergement.universite-paris-saclay.fr\/brigaud\/wp-admin\/uploads\/Capture-decran-2023-08-19-a-15.40.36.jpg\",\"width\":866,\"height\":94},{\"@type\":\"BreadcrumbList\",\"@id\":\"https:\/\/hebergement.universite-paris-saclay.fr\/brigaud\/en\/media-visibility\/#breadcrumb\",\"itemListElement\":[{\"@type\":\"ListItem\",\"position\":1,\"name\":\"Accueil\",\"item\":\"https:\/\/hebergement.universite-paris-saclay.fr\/brigaud\/\"},{\"@type\":\"ListItem\",\"position\":2,\"name\":\"MEDIA VISIBILITY\"}]},{\"@type\":\"WebSite\",\"@id\":\"https:\/\/hebergement.universite-paris-saclay.fr\/brigaud\/#website\",\"url\":\"https:\/\/hebergement.universite-paris-saclay.fr\/brigaud\/\",\"name\":\"benjamin brigaud\",\"description\":\"s\u00e9dimentologue\",\"publisher\":{\"@id\":\"https:\/\/hebergement.universite-paris-saclay.fr\/brigaud\/#organization\"},\"potentialAction\":[{\"@type\":\"SearchAction\",\"target\":{\"@type\":\"EntryPoint\",\"urlTemplate\":\"https:\/\/hebergement.universite-paris-saclay.fr\/brigaud\/?s={search_term_string}\"},\"query-input\":{\"@type\":\"PropertyValueSpecification\",\"valueRequired\":true,\"valueName\":\"search_term_string\"}}],\"inLanguage\":\"fr-FR\"},{\"@type\":\"Organization\",\"@id\":\"https:\/\/hebergement.universite-paris-saclay.fr\/brigaud\/#organization\",\"name\":\"Universit\u00e9 Paris-Saclay\",\"url\":\"https:\/\/hebergement.universite-paris-saclay.fr\/brigaud\/\",\"logo\":{\"@type\":\"ImageObject\",\"inLanguage\":\"fr-FR\",\"@id\":\"https:\/\/hebergement.universite-paris-saclay.fr\/brigaud\/#\/schema\/logo\/image\/\",\"url\":\"http:\/\/hebergement.universite-paris-saclay.fr\/brigaud\/wp-admin\/uploads\/UPSACLAY-2020.png\",\"contentUrl\":\"http:\/\/hebergement.universite-paris-saclay.fr\/brigaud\/wp-admin\/uploads\/UPSACLAY-2020.png\",\"width\":178,\"height\":80,\"caption\":\"Universit\u00e9 Paris-Saclay\"},\"image\":{\"@id\":\"https:\/\/hebergement.universite-paris-saclay.fr\/brigaud\/#\/schema\/logo\/image\/\"}}]}<\/script>\n<!-- \/ Yoast SEO plugin. -->","yoast_head_json":{"title":"MEDIA VISIBILITY - benjamin brigaud","robots":{"index":"index","follow":"follow","max-snippet":"max-snippet:-1","max-image-preview":"max-image-preview:large","max-video-preview":"max-video-preview:-1"},"canonical":"https:\/\/hebergement.universite-paris-saclay.fr\/brigaud\/en\/media-visibility\/","og_locale":"fr_FR","og_type":"article","og_title":"MEDIA VISIBILITY - benjamin brigaud","og_description":"Trustworthy and informative articles Brigaud, B., 2023. La g\u00e9othermie, enjeu majeur pour la neutralit\u00e9 carbone des zones urbaines. The Conversation, 31-07-2023 https:\/\/theconversation.com\/la-geothermie-enjeu-majeur-pour-la-neutralite-carbone-des-zones-urbaines-207994 Videos http:\/\/vimeo.com\/25042197 @R\u00e9alisation: Pascal Moret &#8211; Andra &#8211; online at: http:\/\/vimeo.com\/25042197","og_url":"https:\/\/hebergement.universite-paris-saclay.fr\/brigaud\/en\/media-visibility\/","og_site_name":"benjamin brigaud","article_modified_time":"2023-08-21T09:53:14+00:00","og_image":[{"url":"http:\/\/hebergement.universite-paris-saclay.fr\/brigaud\/wp-admin\/uploads\/Capture-decran-2023-08-19-a-15.40.36.jpg","type":"","width":"","height":""}],"twitter_card":"summary_large_image","twitter_misc":{"Dur\u00e9e de lecture estim\u00e9e":"1 minute"},"schema":{"@context":"https:\/\/schema.org","@graph":[{"@type":"WebPage","@id":"https:\/\/hebergement.universite-paris-saclay.fr\/brigaud\/en\/media-visibility\/","url":"https:\/\/hebergement.universite-paris-saclay.fr\/brigaud\/en\/media-visibility\/","name":"MEDIA VISIBILITY - benjamin brigaud","isPartOf":{"@id":"https:\/\/hebergement.universite-paris-saclay.fr\/brigaud\/#website"},"primaryImageOfPage":{"@id":"https:\/\/hebergement.universite-paris-saclay.fr\/brigaud\/en\/media-visibility\/#primaryimage"},"image":{"@id":"https:\/\/hebergement.universite-paris-saclay.fr\/brigaud\/en\/media-visibility\/#primaryimage"},"thumbnailUrl":"http:\/\/hebergement.universite-paris-saclay.fr\/brigaud\/wp-admin\/uploads\/Capture-decran-2023-08-19-a-15.40.36.jpg","datePublished":"2020-11-28T21:43:47+00:00","dateModified":"2023-08-21T09:53:14+00:00","breadcrumb":{"@id":"https:\/\/hebergement.universite-paris-saclay.fr\/brigaud\/en\/media-visibility\/#breadcrumb"},"inLanguage":"fr-FR","potentialAction":[{"@type":"ReadAction","target":["https:\/\/hebergement.universite-paris-saclay.fr\/brigaud\/en\/media-visibility\/"]}]},{"@type":"ImageObject","inLanguage":"fr-FR","@id":"https:\/\/hebergement.universite-paris-saclay.fr\/brigaud\/en\/media-visibility\/#primaryimage","url":"https:\/\/hebergement.universite-paris-saclay.fr\/brigaud\/wp-admin\/uploads\/Capture-decran-2023-08-19-a-15.40.36.jpg","contentUrl":"https:\/\/hebergement.universite-paris-saclay.fr\/brigaud\/wp-admin\/uploads\/Capture-decran-2023-08-19-a-15.40.36.jpg","width":866,"height":94},{"@type":"BreadcrumbList","@id":"https:\/\/hebergement.universite-paris-saclay.fr\/brigaud\/en\/media-visibility\/#breadcrumb","itemListElement":[{"@type":"ListItem","position":1,"name":"Accueil","item":"https:\/\/hebergement.universite-paris-saclay.fr\/brigaud\/"},{"@type":"ListItem","position":2,"name":"MEDIA VISIBILITY"}]},{"@type":"WebSite","@id":"https:\/\/hebergement.universite-paris-saclay.fr\/brigaud\/#website","url":"https:\/\/hebergement.universite-paris-saclay.fr\/brigaud\/","name":"benjamin brigaud","description":"s\u00e9dimentologue","publisher":{"@id":"https:\/\/hebergement.universite-paris-saclay.fr\/brigaud\/#organization"},"potentialAction":[{"@type":"SearchAction","target":{"@type":"EntryPoint","urlTemplate":"https:\/\/hebergement.universite-paris-saclay.fr\/brigaud\/?s={search_term_string}"},"query-input":{"@type":"PropertyValueSpecification","valueRequired":true,"valueName":"search_term_string"}}],"inLanguage":"fr-FR"},{"@type":"Organization","@id":"https:\/\/hebergement.universite-paris-saclay.fr\/brigaud\/#organization","name":"Universit\u00e9 Paris-Saclay","url":"https:\/\/hebergement.universite-paris-saclay.fr\/brigaud\/","logo":{"@type":"ImageObject","inLanguage":"fr-FR","@id":"https:\/\/hebergement.universite-paris-saclay.fr\/brigaud\/#\/schema\/logo\/image\/","url":"http:\/\/hebergement.universite-paris-saclay.fr\/brigaud\/wp-admin\/uploads\/UPSACLAY-2020.png","contentUrl":"http:\/\/hebergement.universite-paris-saclay.fr\/brigaud\/wp-admin\/uploads\/UPSACLAY-2020.png","width":178,"height":80,"caption":"Universit\u00e9 Paris-Saclay"},"image":{"@id":"https:\/\/hebergement.universite-paris-saclay.fr\/brigaud\/#\/schema\/logo\/image\/"}}]}},"_links":{"self":[{"href":"https:\/\/hebergement.universite-paris-saclay.fr\/brigaud\/wp-json\/wp\/v2\/pages\/2808","targetHints":{"allow":["GET"]}}],"collection":[{"href":"https:\/\/hebergement.universite-paris-saclay.fr\/brigaud\/wp-json\/wp\/v2\/pages"}],"about":[{"href":"https:\/\/hebergement.universite-paris-saclay.fr\/brigaud\/wp-json\/wp\/v2\/types\/page"}],"author":[{"embeddable":true,"href":"https:\/\/hebergement.universite-paris-saclay.fr\/brigaud\/wp-json\/wp\/v2\/users\/1"}],"replies":[{"embeddable":true,"href":"https:\/\/hebergement.universite-paris-saclay.fr\/brigaud\/wp-json\/wp\/v2\/comments?post=2808"}],"version-history":[{"count":9,"href":"https:\/\/hebergement.universite-paris-saclay.fr\/brigaud\/wp-json\/wp\/v2\/pages\/2808\/revisions"}],"predecessor-version":[{"id":3261,"href":"https:\/\/hebergement.universite-paris-saclay.fr\/brigaud\/wp-json\/wp\/v2\/pages\/2808\/revisions\/3261"}],"wp:attachment":[{"href":"https:\/\/hebergement.universite-paris-saclay.fr\/brigaud\/wp-json\/wp\/v2\/media?parent=2808"}],"curies":[{"name":"wp","href":"https:\/\/api.w.org\/{rel}","templated":true}]}}